{"id":4689,"date":"2020-11-20T10:13:12","date_gmt":"2020-11-20T10:13:12","guid":{"rendered":"https:\/\/alterfocus.de\/?page_id=4689"},"modified":"2025-09-26T15:01:43","modified_gmt":"2025-09-26T13:01:43","slug":"sobre-nosotros","status":"publish","type":"page","link":"https:\/\/alterfocus.de\/es\/sobre-nosotros\/","title":{"rendered":"About"},"content":{"rendered":"<div class=\"brz-root__container brz-reset-all brz brz-root__container-page\">\n<section id=\"artista-destacado\" class=\"brz-section brz-css-gxn7yl brz-css-14u7pmx\">\n<div class=\"brz-section__content brz-section--boxed brz-css-h6994h brz-css-xryoyd\" data-brz-custom-id=\"ofattasubawrprrcawhsydvgtrvwhjltqbzr\">\n<div class=\"brz-bg\">\n<div class=\"brz-bg-color\"><\/div>\n<div class=\"brz-bg-shape brz-bg-shape__top\"><\/div>\n<\/div>\n<div class=\"brz-container brz-css-cl8ma5\">\n<div id=\"\" class=\"brz-css-innye6 brz-wrapper\">\n<div class=\"brz-rich-text brz-rich-text__custom brz-css-rgre65\" data-brz-custom-id=\"rpvyfzcnwqiuvretclzehqfyqzyszoqkxnxe\">\n<div data-brz-translate-text=\"1\">\n<h1 class=\"brz-text-lg-center brz-tp-heading1 brz-css-bzO6f\"><span class=\"brz-cp-color8\">Acerca de Alterfocus<\/span><\/h1>\n<\/div>\n<\/div>\n<\/div>\n<\/div>\n<\/div>\n<\/section>\n<section id=\"about\" class=\"brz-section brz-css-gxn7yl brz-css-c2towb\">\n<div class=\"brz-section__content brz-section--boxed brz-css-h6994h brz-css-1yhhc3s\" data-brz-custom-id=\"yuydxblbbximatquclnvikzobacabwihvzvx\">\n<div class=\"brz-bg\">\n<div class=\"brz-bg-color\"><\/div>\n<\/div>\n<div class=\"brz-container brz-css-cl8ma5\">\n<div class=\"brz-row__container brz-css-ohduuo\" data-brz-custom-id=\"amivlvnwwiqmnbdktqglgknvlvaiibeitwka\">\n<div class=\"brz-bg\"><\/div>\n<div class=\"brz-row brz-css-1d4waw2 brz-css-14xsmab\">\n<div data-brz-iteration-count=\"1\" class=\"brz-columns brz-css-bkv7g7 brz-css-31uy6v brz-animated brz-css-yxq2ir brz-css-12kmlta\" data-brz-custom-id=\"lwmwpgmetdcarlhvycffzsnhoqhnkzghsjic\">\n<div class=\"brz-bg\"><\/div>\n<div class=\"brz-column__items brz-css-gsc3od\">\n<div class=\"brz-row__container brz-css-ohduuo\" data-brz-custom-id=\"arxoclilmhljurhklnvrogkxuvbodhaxolye\">\n<div class=\"brz-bg\"><\/div>\n<div class=\"brz-row brz-row--inner brz-css-1d4waw2 brz-css-14xsmab\">\n<div class=\"brz-columns brz-css-bkv7g7 brz-css-oztotq\" data-brz-custom-id=\"xdnjyibimvjonrmlzfkxgdlwbbofdcaolcqb\">\n<div class=\"brz-bg\"><\/div>\n<div class=\"brz-column__items brz-css-gsc3od\">\n<div id=\"\" class=\"brz-css-innye6 brz-wrapper\">\n<div class=\"brz-rich-text brz-rich-text__custom brz-css-rgre65\" data-brz-custom-id=\"bgrifoaxusglqvrndedwjciwngmehpwpttmn\">\n<div data-brz-translate-text=\"1\">\n<p class=\"brz-ls-xs-0 brz-fs-xs-12 brz-fs-sm-14 brz-fs-lg-20 brz-fw-xs-700 brz-fw-sm-700 brz-fw-lg-700 brz-ft-google brz-ff-roboto_slab brz-lh-xs-1_3 brz-lh-sm-1_2 brz-lh-lg-1_3 brz-ls-lg-m_0_5 brz-ls-sm-5 brz-tp-xs-heading3 brz-css-z60pV\" data-generated-css=\"brz-css-qjwtv\" data-uniq-id=\"uncck\">Nuestro Objetivo<\/p>\n<p class=\"brz-tp-lg-paragraph brz-css-anP5M\" data-generated-css=\"brz-css-cccmr\" data-uniq-id=\"noffw\"><\/p>\n<p class=\"brz-tp-lg-paragraph brz-css-jixNN\" data-generated-css=\"brz-css-xbegp\" data-uniq-id=\"hwmsk\">ALTERFOCUS es una plataforma que tiene por objetivo vincular a la comunidad latinoamericana residente en Berl\u00edn con su entorno a trav\u00e9s del arte y cultura.<\/p>\n<p class=\"brz-ls-xs-0 brz-ls-sm-5 brz-ls-lg-0 brz-tp-lg-paragraph brz-css-kffM2\" data-generated-css=\"brz-css-ksxup\" data-uniq-id=\"xmnty\"><\/p>\n<p class=\"brz-ls-xs-0 brz-fs-xs-12 brz-fs-sm-14 brz-fs-lg-20 brz-fw-xs-700 brz-fw-sm-700 brz-fw-lg-700 brz-ft-google brz-ff-roboto_slab brz-lh-xs-1_3 brz-lh-sm-1_2 brz-lh-lg-1_3 brz-ls-lg-m_0_5 brz-ls-sm-6 brz-tp-xs-heading3 brz-css-sPARU\" data-generated-css=\"brz-css-zhtgp\" data-uniq-id=\"kjhvk\">Etimolog\u00eda<\/p>\n<p class=\"brz-tp-lg-paragraph brz-css-p2bwF\" data-generated-css=\"brz-css-mxjbq\" data-uniq-id=\"zgasx\"><\/p>\n<p class=\"brz-tp-lg-paragraph brz-css-hKNqS\" data-generated-css=\"brz-css-ddrao\" data-uniq-id=\"kifdu\">El nombre fue construido a partir de la intenci\u00f3n de encontrar un concepto que enlace a todas las personas latinoamericanas que vivimos en Berl\u00edn. Conectarnos a trav\u00e9s de un punto en com\u00fan ineludible. Alterfocus es la combinaci\u00f3n de dos palabras latinas Alter (adj., masc. &#8220;otro&#8221;) y Focus (sust., masc. &#8220;fuego\/hogar&#8221;).<\/p>\n<p class=\"brz-tp-lg-paragraph brz-css-cOnK_\" data-generated-css=\"brz-css-wruwg\" data-uniq-id=\"mgtuz\"><\/p>\n<p class=\"brz-ls-xs-m_1 brz-ls-sm-m_1 brz-ls-lg-m_0_5 brz-tp-lg-paragraph brz-css-r_hSP\" data-generated-css=\"brz-css-okgfq\" data-uniq-id=\"faitk\"><\/p>\n<p class=\"brz-ls-xs-0 brz-fw-xs-700 brz-fw-sm-700 brz-fw-lg-700 brz-ft-google brz-ff-roboto_slab brz-fs-xs-12 brz-fs-sm-14 brz-fs-lg-20 brz-lh-xs-1_3 brz-lh-sm-1_2 brz-lh-lg-1_3 brz-ls-lg-m_0_5 brz-ls-sm-m_1 brz-tp-xs-heading3 brz-css-lqIYA\" data-generated-css=\"brz-css-zxyli\" data-uniq-id=\"zlrag\">Nuestra filosof\u00eda<\/p>\n<p class=\"brz-tp-lg-paragraph brz-css-cdRVE\" data-generated-css=\"brz-css-hsmyg\" data-uniq-id=\"xupsv\"><\/p>\n<p class=\"brz-tp-lg-paragraph brz-css-zUsPu\" data-generated-css=\"brz-css-axnbw\" data-uniq-id=\"jvyvz\">Alterfocus nace de nuestro convencimiento de que el proceso art\u00edstico es potenciado cuando no se lo piensa como un acto individual y solitario, sino como la confluencia de saberes y talentos a lo largo de una cadena de trabajo colaborativo que van mucho m\u00e1s all\u00e1 de una pieza art\u00edstica aislada.<\/p>\n<p class=\"brz-tp-lg-paragraph brz-css-enTyJ\" data-generated-css=\"brz-css-hzhly\" data-uniq-id=\"orasz\">Con esta perspectiva se logra una visi\u00f3n m\u00e1s real y hol\u00edstica que incluye no solo al artista, sino tambi\u00e9n a productorxs, gestorxs culturales, periodistas, t\u00e9cnicxs, programadorxs web, traductorxs, copywriters, community managers, escen\u00f3grafxs, iluminadorxs, y un inimaginable etc\u00e9tera.<\/p>\n<p class=\"brz-tp-lg-paragraph brz-css-bJVOz\" data-generated-css=\"brz-css-mqyeq\" data-uniq-id=\"qunmy\">Por eso es que aqu\u00ed no \u00fanicamente interact\u00faan artistas, sino la comunidad latina entera que a trav\u00e9s de su profesi\u00f3n quiera participar e involucrarse en proyectos art\u00edsticos y culturales.<\/p>\n<p class=\"brz-tp-lg-paragraph brz-css-a9Uqe\" data-generated-css=\"brz-css-pzrdr\" data-uniq-id=\"ldsea\">Tambi\u00e9n en nuestro caso, inmigrantes, lejos de nuestras casas por los m\u00e1s variados motivos, creemos que la cooperaci\u00f3n y la ayuda entre la comunidad no solamente potencia nuestro trabajo art\u00edstico, sino nuestra inserci\u00f3n como habitantes de una ciudad que, a veces, puede mostrarse un poco hostil.<\/p>\n<p class=\"brz-tp-lg-paragraph brz-css-vhrvy\" data-generated-css=\"brz-css-gucpr\" data-uniq-id=\"spmvv\"><strong>Aqu\u00ed ofrecemos un espacio inclusivo y contenedor para la comunidad latinoamericana que por diversas razones hemos elegido a Berl\u00edn como nuestro \u201cotro hogar\u201d donde todas las personas son bienvenidas independientemente de caracter\u00edsticas como g\u00e9nero, edad, origen, nacionalidad o etnia, religi\u00f3n, discapacidad u orientaci\u00f3n sexual.<\/strong><\/p>\n<p class=\"brz-tp-lg-paragraph brz-css-rWUgi\" data-generated-css=\"brz-css-byjjb\" data-uniq-id=\"sqcsh\"><\/p>\n<\/div>\n<\/div>\n<\/div>\n<\/div>\n<\/div>\n<\/div>\n<\/div>\n<div id=\"\" class=\"brz-css-innye6 brz-css-cftw3l brz-wrapper\">\n<div class=\"brz-spacer brz-css-qpj8ix\"><\/div>\n<\/div>\n<div id=\"\" class=\"brz-css-innye6 brz-wrapper\">\n<div class=\"brz-rich-text brz-rich-text__custom brz-css-rgre65\" data-brz-custom-id=\"yzgmukblwfwtvjumghrbrfysuctetzcimdzy\">\n<div data-brz-translate-text=\"1\">\n<p class=\"brz-tp-heading2 brz-css-lLD5p\">Nuestro <span class=\"brz-cp-color7\">equipo<\/span><\/p>\n<\/div>\n<\/div>\n<\/div>\n<div id=\"\" class=\"brz-css-innye6 brz-css-cftw3l brz-wrapper\">\n<div class=\"brz-spacer brz-css-qpj8ix\"><\/div>\n<\/div>\n<div class=\"brz-row__container brz-css-ohduuo\" data-brz-custom-id=\"mmqxdscogfbvqflctljxtzxeyygnaeeohcpr\">\n<div class=\"brz-bg\"><\/div>\n<div class=\"brz-row brz-row--inner brz-css-1d4waw2 brz-css-14xsmab\">\n<div class=\"brz-columns brz-css-bkv7g7 brz-css-145fb7n\" data-brz-custom-id=\"ackamdpaodkdwtsocjcmdymldgieuhgkoevp\">\n<div class=\"brz-bg\"><\/div>\n<div class=\"brz-column__items brz-css-gsc3od\">\n<div id=\"\" class=\"brz-css-innye6 brz-wrapper\">\n<div class=\"brz-image brz-css-15vq9v2\" data-brz-custom-id=\"kgdseyscclagvrpczhnrvsbbxtpdxuiwkaks\"><img decoding=\"async\" class=\"brz-img\" src=\"https:\/\/alterfocus.de\/wp-content\/uploads\/brizy\/imgs\/about-fran3b-255x255x0x0x255x255x1606255195.png\" alt=\"Alterfocus berlin\" loading=\"lazy\"><\/div>\n<\/div>\n<\/div>\n<\/div>\n<div class=\"brz-columns brz-css-bkv7g7 brz-css-1skushg\" data-brz-custom-id=\"tnhjrokxmwmduhmpbvxqmkercizfayyvydcr\">\n<div class=\"brz-bg\"><\/div>\n<div class=\"brz-column__items brz-css-gsc3od\">\n<div id=\"\" class=\"brz-css-innye6 brz-wrapper\">\n<div class=\"brz-rich-text brz-rich-text__custom brz-css-rgre65\" data-brz-custom-id=\"gbupwirjigdwdnnabgfryabeggopphnqgshm\">\n<div data-brz-translate-text=\"1\">\n<p class=\"brz-tp-lg-paragraph brz-css-kGgd1\" data-generated-css=\"brz-css-s6lKM\" data-uniq-id=\"wxOdf\"><strong class=\"brz-cp-color7\">Franco Nottaris <\/strong><\/p>\n<p class=\"brz-tp-lg-paragraph brz-css-j7Qu7\" data-generated-css=\"brz-css-cmpeP\" data-uniq-id=\"f3iCn\">Franco Nottaris es un trabajador vers\u00e1til e inquieto de la cultura y el arte. Incansable, curioso, polifac\u00e9tico.<\/p>\n<p class=\"brz-tp-lg-paragraph brz-css-ifDht\" data-generated-css=\"brz-css-de7Tp\" data-uniq-id=\"rpCEU\">Graduado como Licenciado en Artes y Gesti\u00f3n Cultural en la Universidad Provincial de C\u00f3rdoba (Argentina) y previamente como T\u00e9cnico en Sonido en La Metro, Escuela de Dise\u00f1o y Comunicaci\u00f3n Audiovisual; ha transitado desde la adolescencia por el arte urbano, m\u00fasica, sonido, cine, dise\u00f1o gr\u00e1fico, moda, editorial, visuales\/videoarte, t\u00e9cnica esc\u00e9nica, electr\u00f3nica, gesti\u00f3n cultural, producci\u00f3n, investigaci\u00f3n acad\u00e9mica, etc.<\/p>\n<p class=\"brz-tp-lg-paragraph brz-css-h0aA1\" data-generated-css=\"brz-css-fv63q\" data-uniq-id=\"k95pN\">Por casi siete a\u00f1os desarroll\u00f3 m\u00faltiples tareas en uno de los centros culturales m\u00e1s importantes de Argentina donde destacaron sus tareas como dise\u00f1ador gr\u00e1fico y productor.<\/p>\n<p class=\"brz-tp-lg-paragraph brz-css-m1Kin\" data-generated-css=\"brz-css-bOolN\" data-uniq-id=\"eMgjk\">Con motivo de su Tesis de grado en el a\u00f1o 2018 realiz\u00f3 el primer relevamiento sobre la situaci\u00f3n actual de los centros culturales de la ciudad de C\u00f3rdoba. Los resultados arrojados fueron de gran importancia y bienvenidos por la Secretar\u00eda de Cultura de la Municipalidad de C\u00f3rdoba, ya que no se contaba con un antecedente de este tipo.<\/p>\n<p class=\"brz-tp-lg-paragraph brz-css-jgR8o\" data-generated-css=\"brz-css-iRFiM\" data-uniq-id=\"vCj8E\">De ese trabajo tambi\u00e9n se desprendi\u00f3 el \u201cVadem\u00e9cum de gesti\u00f3n para espacios culturales independientes\u201d que, junto a los resultados de la investigaci\u00f3n, fueron publicados en el libro \u201cCultura Independiente C\u00f3rdoba, un archivo que comienza\u201d (2019).<\/p>\n<p class=\"brz-tp-lg-paragraph brz-css-y4sXL\" data-generated-css=\"brz-css-dwh40\" data-uniq-id=\"dcSjs\">En el a\u00f1o 2017 cre\u00f3 visuales Muscae Volitantes, d\u00fao de artistas visuales, con el que ha participado en presentaciones en Argentina, Italia, Espa\u00f1a y Alemania. Actualmente en actividad.<\/p>\n<p class=\"brz-tp-lg-paragraph brz-css-woRon\" data-generated-css=\"brz-css-l47ZU\" data-uniq-id=\"edR4N\">Desde 2019 reside en Berl\u00edn y su pasi\u00f3n por la gesti\u00f3n cultural lo llev\u00f3 a crear junto a Manuel Soria este proyecto llamado Alterfocus.<\/p>\n<p class=\"brz-tp-lg-paragraph brz-css-oSLsc\" data-generated-css=\"brz-css-bnCB9\" data-uniq-id=\"cIvO2\"><a class=\"link--external brz-cp-color2\" href=\"https:\/\/franconottaris.myportfolio.com\" data-brz-link-type=\"external\" target=\"_blank\" rel=\"noopener\"><strong><u>Portfolio.<\/u><\/strong><\/a><\/p>\n<p class=\"brz-tp-lg-paragraph brz-css-y4LFr\" data-generated-css=\"brz-css-i4jYV\" data-uniq-id=\"euxsX\"><\/p>\n<\/div>\n<\/div>\n<\/div>\n<\/div>\n<\/div>\n<\/div>\n<\/div>\n<div id=\"\" class=\"brz-css-innye6 brz-css-cftw3l brz-css-oc3mba brz-wrapper\">\n<div class=\"brz-spacer brz-css-qpj8ix brz-css-1qfy2p8\"><\/div>\n<\/div>\n<div class=\"brz-row__container brz-css-ohduuo\" data-brz-custom-id=\"byrzjdghmtcbegqqcoyhwsfwshaxyfkvcqxl\">\n<div class=\"brz-bg\"><\/div>\n<div class=\"brz-row brz-row--inner brz-css-1d4waw2 brz-css-14xsmab\">\n<div class=\"brz-columns brz-css-bkv7g7 brz-css-1ks3rsi\" data-brz-custom-id=\"ugfcbuhyqdwvawemfpkztwxqddmfanijbyna\">\n<div class=\"brz-bg\"><\/div>\n<div class=\"brz-column__items brz-css-gsc3od\">\n<div id=\"\" class=\"brz-css-innye6 brz-wrapper\">\n<div class=\"brz-image brz-css-1pq1jcy\" data-brz-custom-id=\"jgprehyqdibdlxtvcacxtspqcmgtteskbeuh\"><img decoding=\"async\" class=\"brz-img\" src=\"https:\/\/alterfocus.de\/wp-content\/uploads\/brizy\/imgs\/about-manu3-255x255x0x0x255x255x1606594024.png\" alt=\"about manuel\" loading=\"lazy\"><\/div>\n<\/div>\n<\/div>\n<\/div>\n<div class=\"brz-columns brz-css-bkv7g7 brz-css-1yxa18f\" data-brz-custom-id=\"unqbroldjeblknkmmcvpzfvsruuwkzoomwnj\">\n<div class=\"brz-bg\"><\/div>\n<div class=\"brz-column__items brz-css-gsc3od\">\n<div id=\"\" class=\"brz-css-innye6 brz-wrapper\">\n<div class=\"brz-rich-text brz-rich-text__custom brz-css-rgre65\" data-brz-custom-id=\"peqijgxnwpquthvixjzefqzgglxmgxcdtiee\">\n<div data-brz-translate-text=\"1\">\n<p class=\"brz-tp-lg-paragraph brz-css-yuEgq\" data-uniq-id=\"lgtfa\" data-generated-css=\"brz-css-luywr\"><strong class=\"brz-cp-color7\">Manuel Soria<\/strong><\/p>\n<p class=\"brz-tp-lg-paragraph brz-css-s5HCS\" data-uniq-id=\"olunz\" data-generated-css=\"brz-css-suvoc\"><span class=\"brz-cp-color7\">Manuel Soria naci\u00f3 en Buenos Aires, Argentina, donde siendo adolescente se interes\u00f3 por la escritura y la fotograf\u00eda. Comenz\u00f3 tomando fotos de sus amigos y su vida cotidiana, no solo porque le resultaba entretenido y m\u00e1gico el proceso anal\u00f3gico, sino que tambi\u00e9n por la importancia de capturar la esencia de esos momentos como parte de la memoria. Antes de terminar el bachiller se muda con su familia al norte de Argentina, a la provincia de Tucum\u00e1n, donde comienza con sus estudios formales en fotograf\u00eda de cine en la Escuela Universitaria de Cine, Video y TV. Como estudiante comienza a realizar cortometrajes, videoclips, publicidades y programas en la TV local, continuando luego profesionalmente como camar\u00f3grafo, director de fotograf\u00eda y director en documentales y largometrajes en todo el territorio argentino.&nbsp;<\/span><\/p>\n<p class=\"brz-tp-lg-paragraph brz-css-fN6h9\" data-uniq-id=\"yqybq\" data-generated-css=\"brz-css-tovhc\"><span class=\"brz-cp-color7\">En 2013 se interesa por la fotograf\u00eda de moda, disciplina que engloba, en cierta forma, dos elementos que lo apasionan; contar historias y el retrato fotogr\u00e1fico.<\/span><\/p>\n<p class=\"brz-tp-lg-paragraph brz-css-vAnKs\" data-uniq-id=\"jojjw\" data-generated-css=\"brz-css-vqpyp\"><span class=\"brz-cp-color7\">En 2017 se muda a Berl\u00edn sin saber que iba a ser su nuevo hogar por los pr\u00f3ximos a\u00f1os. Desde su llegada comenz\u00f3 a involucrarse lentamente en el mundo de la fotograf\u00eda de moda. Tambi\u00e9n, al poco tiempo de llegar, comienza a subir videos regularmente a <\/span><a class=\"link--external brz-cp-color7\" href=\"https:\/\/www.youtube.com\/totonch\" data-brz-link-type=\"external\" target=\"_blank\" rel=\"noopener\"><em>YouTube<\/em><\/a><span class=\"brz-cp-color7\"> donde se focaliza en dar informaci\u00f3n a los interesados en migrar a Alemania, entendiendo que no es un paso f\u00e1cil de dar y buscando dar seguridad a esas personas que quieren comenzar una nueva etapa en Europa.<\/span><\/p>\n<p class=\"brz-tp-lg-paragraph brz-css-xIBRm\" data-uniq-id=\"tzgre\" data-generated-css=\"brz-css-ukztm\"><span class=\"brz-cp-color7\">En abril del 2020, estando en cuarentena en Barcelona, co-funda Alterfocus junto a Franco Nottaris.<\/span><\/p>\n<p class=\"brz-tp-lg-paragraph brz-css-lF1RL\" data-uniq-id=\"cqvny\" data-generated-css=\"brz-css-zzucp\"><a class=\"link--external brz-cp-color2\" href=\"https:\/\/manuelsoria.com\/\" data-brz-link-type=\"external\" target=\"_blank\" rel=\"noopener\"><strong><u>Portfolio.<\/u><\/strong><\/a><\/p>\n<\/div>\n<\/div>\n<\/div>\n<\/div>\n<\/div>\n<\/div>\n<\/div>\n<\/div>\n<\/div>\n<\/div>\n<\/div>\n<\/div>\n<\/div>\n<\/section>\n<section id=\"colab-hannah\" class=\"brz-section brz-css-gxn7yl\">\n<div class=\"brz-section__content brz-section--boxed brz-css-h6994h brz-css-bmiwe2\" data-brz-custom-id=\"xvqiycoopsqhbwqhxfbbfggpwdxlytqmxqjb\">\n<div class=\"brz-container brz-css-cl8ma5\">\n<div id=\"\" class=\"brz-css-innye6 brz-wrapper\">\n<div class=\"brz-rich-text brz-rich-text__custom brz-css-rgre65\" data-brz-custom-id=\"zrifjnictysjicdzhmcmwpktgwriidekotou\">\n<div data-brz-translate-text=\"1\">\n<p data-generated-css=\"brz-css-ydbwa\" data-uniq-id=\"nxkgt\" class=\"brz-tp-lg-heading2 brz-css-toLkT\">Colaboradoxs<\/p>\n<\/div>\n<\/div>\n<\/div>\n<div class=\"brz-row__container brz-css-ohduuo\" data-brz-custom-id=\"ctldzkttybnvgpqyurmnatixwvlfssyhopuk\">\n<div class=\"brz-bg\"><\/div>\n<div class=\"brz-row brz-css-1d4waw2 brz-css-14xsmab\">\n<div class=\"brz-columns brz-css-bkv7g7 brz-css-lpip82\" data-brz-custom-id=\"crqjxiupkzjntzszvkbwopqbcgseklwxaqgk\">\n<div class=\"brz-bg\"><\/div>\n<div class=\"brz-column__items brz-css-gsc3od\">\n<div id=\"\" class=\"brz-css-innye6 brz-wrapper\">\n<div class=\"brz-image brz-css-8qcx6t\" data-brz-custom-id=\"lqjxhhzwwhmhtmpzcmubwiwqubmjpwhnamdx\"><img decoding=\"async\" class=\"brz-img\" src=\"https:\/\/alterfocus.de\/wp-content\/uploads\/brizy\/imgs\/about-hannah-252x252x0x1x252x250x1659364108.png\" alt=\"\" loading=\"lazy\"><\/div>\n<\/div>\n<\/div>\n<\/div>\n<div class=\"brz-columns brz-css-bkv7g7 brz-css-1d75uhi\" data-brz-custom-id=\"ymcjtxspnfgkfmysfiyergjhgelzxqxqbkbm\">\n<div class=\"brz-bg\"><\/div>\n<div class=\"brz-column__items brz-css-gsc3od\">\n<div id=\"\" class=\"brz-css-innye6 brz-wrapper\">\n<div class=\"brz-rich-text brz-rich-text__custom brz-css-rgre65\" data-brz-custom-id=\"laulgomkbpezszphmocdihyudwpfrbxkvvhc\">\n<div data-brz-translate-text=\"1\">\n<p class=\"brz-tp-lg-paragraph brz-css-jyGWR\" data-generated-css=\"brz-css-ptA1E\" data-uniq-id=\"pCl3N\"><strong class=\"brz-cp-color7\">Hannah K. Grimmer<\/strong><\/p>\n<p class=\"brz-tp-lg-paragraph brz-css-oDzOe\" data-uniq-id=\"ffoaT\" data-generated-css=\"brz-css-i5qsG\"><span style=\"background-color: transparent\">Hannah Katalin Grimmer es una acad\u00e9mica y curadora alemana con una pasi\u00f3n infinita por Am\u00e9rica Latina. <\/span><\/p>\n<p class=\"brz-tp-lg-paragraph brz-css-b67th\" data-uniq-id=\"gffCT\" data-generated-css=\"brz-css-qOfML\"><span style=\"background-color: transparent\">Gracias al arte en y desde Am\u00e9rica Latina, se dio cuenta de que el trabajo acad\u00e9mico, las exposiciones y los movimientos sociales pueden ir de la mano \u2013 a diferencia de lo que se entiende en Alemania.<\/span><\/p>\n<p class=\"brz-tp-lg-paragraph brz-css-lLcfa\" data-uniq-id=\"sGifY\" data-generated-css=\"brz-css-zn25R\"><span style=\"background-color: transparent\">Con un m\u00e1ster en Curadur\u00eda (Frankfurt\/M\u00e9no) y dos licenciaturas en Estudios Culturales y Estudios Rom\u00e1nicos (Leipzig) se ha interesado siempre por cuestiones como: Qu\u00e9 es la cultura, qu\u00e9 significa la memoria, qu\u00e9 papel desempe\u00f1an las artes en la sociedad y qu\u00e9 conectan al arte con el activismo.<\/span><\/p>\n<p class=\"brz-tp-lg-paragraph brz-css-iouj9\" data-uniq-id=\"rFSMp\" data-generated-css=\"brz-css-vHI5T\"><span style=\"background-color: transparent\">Su amor por Am\u00e9rica Latina surgi\u00f3 mientras vivi\u00f3 en Ciudad de M\u00e9xico en 2012. Adem\u00e1s, residi\u00f3 varias veces en Santiago de Chile y unos meses en Buenos Aires. <\/span><\/p>\n<p class=\"brz-tp-lg-paragraph brz-css-mnpWZ\" data-uniq-id=\"is2zv\" data-generated-css=\"brz-css-scV17\"><span style=\"background-color: transparent\">Hizo investigaciones sobre una posible representaci\u00f3n de les detenides desaparecides en el arte contempor\u00e1neo de Chile y Argentina. En su proyecto de doctorado se centra en el v\u00ednculo entre las artes visuales, las memorias resistentes y el \u00e1mbito pol\u00edtico.<\/span><\/p>\n<p class=\"brz-tp-lg-paragraph brz-css-vxYZe\" data-generated-css=\"brz-css-sy7Z_\" data-uniq-id=\"rq4by\"><span style=\"background-color: transparent\">En su desarrollo laboral, Hannah particip\u00f3 en varios proyectos de exposiciones, realiz\u00f3 dos curadur\u00edas en el marco de las conmemoraciones de los 50 a\u00f1os del golpe en Chile, escribi\u00f3 diversos art\u00edculos para revistas y libros de artistas, trabaj\u00f3 como mediadora de arte y dio ponencias. Trabaj\u00f3 en el equipo curatorial del Gropius Bau y como asistente de investigaci\u00f3n y profesora en la Universidad de Kassel y en el Instituto de&nbsp;la&nbsp;Documenta.<\/span><\/p>\n<\/div>\n<\/div>\n<\/div>\n<\/div>\n<\/div>\n<\/div>\n<\/div>\n<\/div>\n<\/div>\n<\/section>\n<section id=\"8e20aa7ecd830fdcd89c_wmlqfbilrbbbiplwcfeaqngtcwtpzqpurxmb\" class=\"brz-section brz-css-gxn7yl\">\n<div class=\"brz-section__content brz-section--boxed brz-css-h6994h brz-css-auzgxg\" data-brz-custom-id=\"tscgtppzwuusorgbomijljjmsunxbqoabbja\">\n<div class=\"brz-container brz-css-cl8ma5\">\n<div class=\"brz-row__container brz-css-ohduuo\" data-brz-custom-id=\"insklsfkccwgflphapwewrdejcsdieaqckiw\">\n<div class=\"brz-bg\"><\/div>\n<div class=\"brz-row brz-css-1d4waw2 brz-css-14xsmab\">\n<div class=\"brz-columns brz-css-bkv7g7 brz-css-mvbhh\" data-brz-custom-id=\"rpfevvvsewqmlohbefneejkdaevgasgwuxok\">\n<div class=\"brz-bg\"><\/div>\n<div class=\"brz-column__items brz-css-gsc3od\">\n<div id=\"\" class=\"brz-css-innye6 brz-wrapper\">\n<div class=\"brz-image brz-css-1mjw6lo\" data-brz-custom-id=\"rvryqpgkcrqxcwmbalxijdttozjaypbqackq\"><img decoding=\"async\" class=\"brz-img\" src=\"https:\/\/alterfocus.de\/wp-content\/uploads\/brizy\/imgs\/about-tu3-260x260x0x0x260x260x1606253949.png\" alt=\"\" loading=\"lazy\"><\/div>\n<\/div>\n<\/div>\n<\/div>\n<div class=\"brz-columns brz-css-bkv7g7 brz-css-lvd7xd\" data-brz-custom-id=\"psiyddicjuxhxkgjjfryfacspncjwdpucjue\">\n<div class=\"brz-bg\"><\/div>\n<div class=\"brz-column__items brz-css-gsc3od\">\n<div id=\"\" class=\"brz-css-innye6 brz-wrapper\">\n<div class=\"brz-rich-text brz-rich-text__custom brz-css-rgre65\" data-brz-custom-id=\"ekohwbidfitmvjftkcyfslffpvpsxzisdeid\">\n<div data-brz-translate-text=\"1\">\n<p class=\"brz-tp-lg-paragraph brz-css-yw22s\" data-uniq-id=\"frzjo\" data-generated-css=\"brz-css-ktofa\"><strong class=\"brz-cp-color7\">\u00bfT\u00fa?<\/strong><\/p>\n<p class=\"brz-tp-lg-paragraph brz-css-aVp2D\" data-uniq-id=\"sczvs\" data-generated-css=\"brz-css-jhjox\">Si te gustar\u00eda colaborar con este proyecto no dudes en contactarte con nosotrxs y contarnos tu propuesta.<\/p>\n<p class=\"brz-tp-lg-paragraph brz-css-b8elM\" data-uniq-id=\"vuzxy\" data-generated-css=\"brz-css-ajhak\"><a class=\"link--anchor brz-cp-color1\" href=\"#f0ddac93be052eb455ac_bcabzphjmfcxhpehvmerfjepzawesbnjionn\" data-brz-link-type=\"anchor\"><strong><u>\u00a1Escr\u00edbenos!<\/u><\/strong><\/a><\/p>\n<\/div>\n<\/div>\n<\/div>\n<\/div>\n<\/div>\n<\/div>\n<\/div>\n<\/div>\n<\/div>\n<\/section>\n<\/div>\n<p>    <!-- version:1745912946 --><\/p>","protected":false},"excerpt":{"rendered":"<p>Acerca de Alterfocus Nuestro Objetivo ALTERFOCUS es una plataforma que tiene por objetivo vincular a la comunidad latinoamericana residente en Berl\u00edn con su entorno a trav\u00e9s del arte y cultura. Etimolog\u00eda El nombre fue construido a partir de la intenci\u00f3n de encontrar un concepto que enlace a todas las personas latinoamericanas que vivimos en Berl\u00edn. [&hellip;]<\/p>","protected":false},"author":1,"featured_media":0,"parent":0,"menu_order":0,"comment_status":"closed","ping_status":"closed","template":"brizy-blank-template.php","meta":{"_acf_changed":false,"footnotes":""},"class_list":["post-4689","page","type-page","status-publish","hentry","wpbf-post"],"acf":[],"brizy_media":[{"id":3819,"url":"https:\/\/alterfocus.de\/wp-content\/uploads\/2020\/11\/banner-con-bajada-version-2-export-scaled.jpg","name":"banner-con-bajada-version-2-export.jpg","meta":{"brizy_attachment_uid":"wp-4120b383805a9080a1d81e4e347e011d.jpg","brizy_post_uid":["388914802686997163b7441c656f6c6c","4e383aa4121b88897af48bbedba46736"]}},{"id":6383,"url":"https:\/\/alterfocus.de\/wp-content\/uploads\/2020\/11\/about-tu.png","name":"about-tu.png","meta":{"brizy_attachment_uid":"wp-e062cc84544eaef6ebfc5b9215cd581f.png","brizy_post_uid":["4e383aa4121b88897af48bbedba46736"]}},{"id":7044,"url":"https:\/\/alterfocus.de\/wp-content\/uploads\/2020\/11\/about-tu3.png","name":"about-tu3.png","meta":{"brizy_attachment_uid":"wp-660ea64035efce9732d3fe5baf399550.png","brizy_post_uid":["4e383aa4121b88897af48bbedba46736"]}},{"id":7049,"url":"https:\/\/alterfocus.de\/wp-content\/uploads\/2020\/11\/about-fran3b.png","name":"about-fran3b.png","meta":{"brizy_attachment_uid":"wp-68d49de60c0a4a08435de6477bb8166f.png","brizy_post_uid":["4e383aa4121b88897af48bbedba46736"]}},{"id":9232,"url":"https:\/\/alterfocus.de\/wp-content\/uploads\/2020\/11\/about-manu3.png","name":"about-manu3.png","meta":{"brizy_attachment_uid":"wp-803cbdde67c3013a24d124b25507ec4f.png","brizy_post_uid":["4e383aa4121b88897af48bbedba46736"]}},{"id":11884,"url":"https:\/\/alterfocus.de\/wp-content\/uploads\/2021\/01\/210123-Head-Transp.-Blanco-small.png","name":"210123-Head-Transp.-Blanco-small.png","meta":{"brizy_attachment_uid":"wp-b709324cddc4266e47cbe40a6d179f50.png","brizy_post_uid":["388914802686997163b7441c656f6c6c","4e383aa4121b88897af48bbedba46736"]}},{"id":11918,"url":"https:\/\/alterfocus.de\/wp-content\/uploads\/2021\/01\/210123-head-transp-negro-small.png","name":"210123-head-transp-negro-small.png","meta":{"brizy_attachment_uid":"wp-b183eae19757d5e438f95d9b198e5325.png","brizy_post_uid":["4e383aa4121b88897af48bbedba46736"]}},{"id":27604,"url":"https:\/\/alterfocus.de\/wp-content\/uploads\/2022\/02\/about-lupe.png","name":"about-lupe.png","meta":{"brizy_attachment_uid":"wp-881864efc2d88c985d1b8feaebb02d50.png","brizy_post_uid":["4e383aa4121b88897af48bbedba46736"]}},{"id":33131,"url":"https:\/\/alterfocus.de\/wp-content\/uploads\/2022\/08\/about-hannah.png","name":"about-hannah.png","meta":{"brizy_attachment_uid":"wp-7d4b20214138425c386d93d9be155127.png","brizy_post_uid":["4e383aa4121b88897af48bbedba46736"]}}],"_links":{"self":[{"href":"https:\/\/alterfocus.de\/es\/wp-json\/wp\/v2\/pages\/4689","targetHints":{"allow":["GET"]}}],"collection":[{"href":"https:\/\/alterfocus.de\/es\/wp-json\/wp\/v2\/pages"}],"about":[{"href":"https:\/\/alterfocus.de\/es\/wp-json\/wp\/v2\/types\/page"}],"author":[{"embeddable":true,"href":"https:\/\/alterfocus.de\/es\/wp-json\/wp\/v2\/users\/1"}],"replies":[{"embeddable":true,"href":"https:\/\/alterfocus.de\/es\/wp-json\/wp\/v2\/comments?post=4689"}],"version-history":[{"count":30,"href":"https:\/\/alterfocus.de\/es\/wp-json\/wp\/v2\/pages\/4689\/revisions"}],"predecessor-version":[{"id":41326,"href":"https:\/\/alterfocus.de\/es\/wp-json\/wp\/v2\/pages\/4689\/revisions\/41326"}],"wp:attachment":[{"href":"https:\/\/alterfocus.de\/es\/wp-json\/wp\/v2\/media?parent=4689"}],"curies":[{"name":"wp","href":"https:\/\/api.w.org\/{rel}","templated":true}]}}